{"id":923,"date":"2024-01-04T14:55:48","date_gmt":"2024-01-04T13:55:48","guid":{"rendered":"https:\/\/www.maesif.com\/?page_id=923"},"modified":"2024-02-15T11:39:49","modified_gmt":"2024-02-15T10:39:49","slug":"kostol","status":"publish","type":"page","link":"https:\/\/www.maesif.com\/en\/kostol\/","title":{"rendered":"Church"},"content":{"rendered":"<div id=\"fws_69f26dec9e7f3\"  data-column-margin=\"default\" data-midnight=\"dark\" data-top-percent=\"5%\" data-bottom-percent=\"3%\"  class=\"wpb_row vc_row-fluid vc_row full-width-section\"  style=\"padding-top: calc(100vw * 0.05); padding-bottom: calc(100vw * 0.03); \"><div class=\"row-bg-wrap\" data-bg-animation=\"none\" data-bg-animation-delay=\"\" data-bg-overlay=\"false\"><div class=\"inner-wrap row-bg-layer\" ><div class=\"row-bg viewport-desktop\"  style=\"\"><\/div><\/div><\/div><div class=\"row_col_wrap_12 col span_12 dark left\">\n\t<div  class=\"vc_col-sm-12 wpb_column column_container vc_column_container col no-extra-padding inherit_tablet inherit_phone\"  data-padding-pos=\"all\" data-has-bg-color=\"false\" data-bg-color=\"\" data-bg-opacity=\"1\" data-animation=\"\" data-delay=\"0\" >\n\t\t<div class=\"vc_column-inner\" >\n\t\t\t<div class=\"wpb_wrapper\">\n\t\t\t\t\n<div class=\"wpb_text_column wpb_content_element\" >\n\t<div class=\"wpb_wrapper\">\n\t\t<h3 style=\"text-align: right;\"><strong>BESPOKE INTERIOR<\/strong><br \/>\ncase studies<\/h3>\n\t<\/div>\n<\/div>\n\n\n\n\n\t\t\t<\/div> \n\t\t<\/div>\n\t<\/div> \n<\/div><\/div>\n\t\t<div id=\"fws_69f26dec9edd8\"  data-column-margin=\"default\" data-midnight=\"dark\" data-bottom-percent=\"5%\"  class=\"wpb_row vc_row-fluid vc_row full-width-content vc_row-o-equal-height vc_row-flex vc_row-o-content-top\"  style=\"padding-top: 0px; padding-bottom: calc(100vw * 0.05); \"><div class=\"row-bg-wrap\" data-bg-animation=\"none\" data-bg-animation-delay=\"\" data-bg-overlay=\"false\"><div class=\"inner-wrap row-bg-layer\" ><div class=\"row-bg viewport-desktop\"  style=\"\"><\/div><\/div><\/div><div class=\"row_col_wrap_12 col span_12 dark left\">\n\t<div  class=\"vc_col-sm-6 vc_hidden-xs wpb_column column_container vc_column_container col no-extra-padding inherit_tablet inherit_phone\"  data-padding-pos=\"all\" data-has-bg-color=\"false\" data-bg-color=\"\" data-bg-opacity=\"1\" data-animation=\"\" data-delay=\"0\" >\n\t\t<div class=\"vc_column-inner\" >\n\t\t\t<div class=\"wpb_wrapper\">\n\t\t\t\t<div id=\"fws_69f26dec9f100\" data-midnight=\"\" data-column-margin=\"default\" class=\"wpb_row vc_row-fluid vc_row inner_row  left_padding_100px\"  style=\"\"><div class=\"row-bg-wrap\"> <div class=\"row-bg\" ><\/div> <\/div><div class=\"row_col_wrap_12_inner col span_12  left\">\n\t<div  class=\"vc_col-sm-12 wpb_column column_container vc_column_container col child_column no-extra-padding inherit_tablet inherit_phone\"   data-padding-pos=\"all\" data-has-bg-color=\"false\" data-bg-color=\"\" data-bg-opacity=\"1\" data-animation=\"\" data-delay=\"0\" >\n\t\t<div class=\"vc_column-inner\" >\n\t\t<div class=\"wpb_wrapper\">\n\t\t\t<div class=\"divider-wrap\" data-alignment=\"default\"><div style=\"height: 300px;\" class=\"divider\"><\/div><\/div>\n<div class=\"wpb_text_column wpb_content_element  vc_custom_1707144578731\" >\n\t<div class=\"wpb_wrapper\">\n\t\t<h6>Ladce<\/h6>\n<h2>Sacral furniture for the presbytery in the Church of Divine Mercy in Ladce<\/h2>\n<p style=\"text-align: justify;\">The implementation of the presbytery section in the Church of Divine Mercy in Ladce was an invaluable realization experience for us. The interior of the church is the work of architect Ing. Zden\u011bk Dvo\u0159\u00e1k, and his design was a test of our knowledge of geometry.<\/p>\n<p style=\"text-align: justify;\">The delivery of the presbytery included elements such as the tabernacle \u2013 a gilded cabinet for hosts, a stool under the tabernacle with woodcarving, a seat, an ambo \u2013 lectern, and other furniture pieces.<\/p>\n\t<\/div>\n<\/div>\n\n\n\n\n\t\t<\/div> \n\t<\/div>\n\t<\/div> \n<\/div><\/div><div id=\"fws_69f26dec9f559\" data-midnight=\"\" data-column-margin=\"default\" class=\"wpb_row vc_row-fluid vc_row inner_row  left_padding_200px\"  style=\"padding-top: 20px; \"><div class=\"row-bg-wrap\"> <div class=\"row-bg\" ><\/div> <\/div><div class=\"row_col_wrap_12_inner col span_12  left\">\n\t<div  class=\"vc_col-sm-4 wpb_column column_container vc_column_container col child_column no-extra-padding inherit_tablet inherit_phone\"   data-padding-pos=\"all\" data-has-bg-color=\"false\" data-bg-color=\"\" data-bg-opacity=\"1\" data-animation=\"\" data-delay=\"0\" >\n\t\t<div class=\"vc_column-inner\" >\n\t\t<div class=\"wpb_wrapper\">\n\t\t\t\n<div class=\"wpb_text_column wpb_content_element\" >\n\t<div class=\"wpb_wrapper\">\n\t\t<p><strong>design:<\/strong><br \/>\nIng. Arch. Zden\u011bk Dvo\u0159\u00e1k<\/p>\n\t<\/div>\n<\/div>\n\n\n\n\n\t\t<\/div> \n\t<\/div>\n\t<\/div> \n\n\t<div  class=\"vc_col-sm-4 wpb_column column_container vc_column_container col child_column no-extra-padding inherit_tablet inherit_phone\"   data-padding-pos=\"all\" data-has-bg-color=\"false\" data-bg-color=\"\" data-bg-opacity=\"1\" data-animation=\"\" data-delay=\"0\" >\n\t\t<div class=\"vc_column-inner\" >\n\t\t<div class=\"wpb_wrapper\">\n\t\t\t\n<div class=\"wpb_text_column wpb_content_element\" >\n\t<div class=\"wpb_wrapper\">\n\t\t<p><strong>year:<\/strong><br \/>\n2019<\/p>\n\t<\/div>\n<\/div>\n\n\n\n\n\t\t<\/div> \n\t<\/div>\n\t<\/div> \n\n\t<div  class=\"vc_col-sm-4 wpb_column column_container vc_column_container col child_column no-extra-padding inherit_tablet inherit_phone\"   data-padding-pos=\"all\" data-has-bg-color=\"false\" data-bg-color=\"\" data-bg-opacity=\"1\" data-animation=\"\" data-delay=\"0\" >\n\t\t<div class=\"vc_column-inner\" >\n\t\t<div class=\"wpb_wrapper\">\n\t\t\t\n<div class=\"wpb_text_column wpb_content_element\" >\n\t<div class=\"wpb_wrapper\">\n\t\t<p><strong>photo:<\/strong><br \/>\nmaesif<\/p>\n\t<\/div>\n<\/div>\n\n\n\n\n\t\t<\/div> \n\t<\/div>\n\t<\/div> \n<\/div><\/div>\n\t\t\t<\/div> \n\t\t<\/div>\n\t<\/div> \n\n\t<div style=\"\" class=\"vc_col-sm-6 vc_hidden-xs wpb_column column_container vc_column_container col no-extra-padding inherit_tablet inherit_phone\" data-using-bg=\"true\" data-bg-cover=\"true\" data-padding-pos=\"all\" data-has-bg-color=\"false\" data-bg-color=\"\" data-bg-opacity=\"1\" data-animation=\"\" data-delay=\"0\" >\n\t\t<div class=\"vc_column-inner\" ><div class=\"column-image-bg-wrap column-bg-layer viewport-desktop\" data-bg-pos=\"center center\" data-bg-animation=\"none\" data-bg-overlay=\"false\"><div class=\"inner-wrap\"><div class=\"column-image-bg\" style=\" background-image: url('https:\/\/www.maesif.com\/wp-content\/uploads\/2024\/01\/sedes_kostol.jpg'); \"><\/div><\/div><\/div>\n\t\t\t<div class=\"wpb_wrapper\">\n\t\t\t\t<div class=\"divider-wrap\" data-alignment=\"default\"><div style=\"height: 550px;\" class=\"divider\"><\/div><\/div>\n\t\t\t<\/div> \n\t\t<\/div>\n\t<\/div> \n<\/div><\/div>\n\t\t<div id=\"fws_69f26deca00f3\"  data-column-margin=\"default\" data-midnight=\"dark\"  class=\"wpb_row vc_row-fluid vc_row full-width-section  bottom_padding_phone_20px\"  style=\"padding-top: 0px; padding-bottom: 0px; \"><div class=\"row-bg-wrap\" data-bg-animation=\"none\" data-bg-animation-delay=\"\" data-bg-overlay=\"false\"><div class=\"inner-wrap row-bg-layer\" ><div class=\"row-bg viewport-desktop\"  style=\"\"><\/div><\/div><\/div><div class=\"row_col_wrap_12 col span_12 dark left\">\n\t<div  class=\"vc_col-sm-12 vc_hidden-lg vc_hidden-md vc_hidden-sm wpb_column column_container vc_column_container col no-extra-padding inherit_tablet inherit_phone\"  data-padding-pos=\"all\" data-has-bg-color=\"false\" data-bg-color=\"\" data-bg-opacity=\"1\" data-animation=\"\" data-delay=\"0\" >\n\t\t<div class=\"vc_column-inner\" >\n\t\t\t<div class=\"wpb_wrapper\">\n\t\t\t\t<div class=\"img-with-aniamtion-wrap center\" data-max-width=\"100%\" data-max-width-mobile=\"default\" data-shadow=\"none\" data-animation=\"none\" >\n      <div class=\"inner\">\n        <div class=\"hover-wrap\"> \n          <div class=\"hover-wrap-inner\">\n            <img loading=\"lazy\" decoding=\"async\" class=\"img-with-animation skip-lazy\" data-delay=\"0\" height=\"1707\" width=\"2560\" data-animation=\"none\" src=\"https:\/\/www.maesif.com\/wp-content\/uploads\/2024\/01\/sedes_kostol.jpg\" alt=\"sakralny nabytok do kostola, nabytok na mieru maesif\" srcset=\"https:\/\/www.maesif.com\/wp-content\/uploads\/2024\/01\/sedes_kostol.jpg 2560w, https:\/\/www.maesif.com\/wp-content\/uploads\/2024\/01\/sedes_kostol-300x200.jpg 300w, https:\/\/www.maesif.com\/wp-content\/uploads\/2024\/01\/sedes_kostol-1024x683.jpg 1024w, https:\/\/www.maesif.com\/wp-content\/uploads\/2024\/01\/sedes_kostol-768x512.jpg 768w, https:\/\/www.maesif.com\/wp-content\/uploads\/2024\/01\/sedes_kostol-1536x1024.jpg 1536w, https:\/\/www.maesif.com\/wp-content\/uploads\/2024\/01\/sedes_kostol-2048x1366.jpg 2048w, https:\/\/www.maesif.com\/wp-content\/uploads\/2024\/01\/sedes_kostol-900x600.jpg 900w\" sizes=\"auto, (max-width: 2560px) 100vw, 2560px\" \/>\n          <\/div>\n        <\/div>\n      <\/div>\n    <\/div>\n<div class=\"wpb_text_column wpb_content_element\" >\n\t<div class=\"wpb_wrapper\">\n\t\t<h6>Ladce<\/h6>\n<h2>Sacral furniture for the presbytery in the Church of Divine Mercy in Ladce<\/h2>\n<p style=\"text-align: justify;\">The implementation of the presbytery section in the Church of Divine Mercy in Ladce was an invaluable realization experience for us. The interior of the church is the work of architect Ing. Zden\u011bk Dvo\u0159\u00e1k, and his design was a test of our knowledge of geometry.<\/p>\n<p style=\"text-align: justify;\">The delivery of the presbytery included elements such as the tabernacle \u2013 a gilded cabinet for hosts, a stool under the tabernacle with woodcarving, a seat, an ambo \u2013 lectern, and other furniture pieces.<\/p>\n\t<\/div>\n<\/div>\n\n\n\n<div id=\"fws_69f26deca0678\" data-midnight=\"\" data-column-margin=\"default\" class=\"wpb_row vc_row-fluid vc_row inner_row\"  style=\"\"><div class=\"row-bg-wrap\"> <div class=\"row-bg\" ><\/div> <\/div><div class=\"row_col_wrap_12_inner col span_12  left\">\n\t<div  class=\"vc_col-sm-4 vc_col-xs-4 wpb_column column_container vc_column_container col child_column no-extra-padding inherit_tablet inherit_phone\"   data-padding-pos=\"all\" data-has-bg-color=\"false\" data-bg-color=\"\" data-bg-opacity=\"1\" data-animation=\"\" data-delay=\"0\" >\n\t\t<div class=\"vc_column-inner\" >\n\t\t<div class=\"wpb_wrapper\">\n\t\t\t\n<div class=\"wpb_text_column wpb_content_element\" >\n\t<div class=\"wpb_wrapper\">\n\t\t<p><strong>design:<\/strong><br \/>\nIng. Arch. Zden\u011bk Dvo\u0159\u00e1k<\/p>\n\t<\/div>\n<\/div>\n\n\n\n\n\t\t<\/div> \n\t<\/div>\n\t<\/div> \n\n\t<div  class=\"vc_col-sm-4 vc_col-xs-4 wpb_column column_container vc_column_container col child_column no-extra-padding inherit_tablet inherit_phone\"   data-padding-pos=\"all\" data-has-bg-color=\"false\" data-bg-color=\"\" data-bg-opacity=\"1\" data-animation=\"\" data-delay=\"0\" >\n\t\t<div class=\"vc_column-inner\" >\n\t\t<div class=\"wpb_wrapper\">\n\t\t\t\n<div class=\"wpb_text_column wpb_content_element\" >\n\t<div class=\"wpb_wrapper\">\n\t\t<p><strong>year:<\/strong><br \/>\n2019<\/p>\n\t<\/div>\n<\/div>\n\n\n\n\n\t\t<\/div> \n\t<\/div>\n\t<\/div> \n\n\t<div  class=\"vc_col-sm-4 vc_col-xs-4 wpb_column column_container vc_column_container col child_column no-extra-padding inherit_tablet inherit_phone\"   data-padding-pos=\"all\" data-has-bg-color=\"false\" data-bg-color=\"\" data-bg-opacity=\"1\" data-animation=\"\" data-delay=\"0\" >\n\t\t<div class=\"vc_column-inner\" >\n\t\t<div class=\"wpb_wrapper\">\n\t\t\t\n<div class=\"wpb_text_column wpb_content_element\" >\n\t<div class=\"wpb_wrapper\">\n\t\t<p><strong>photo:<\/strong><br \/>\nmaesif<\/p>\n\t<\/div>\n<\/div>\n\n\n\n\n\t\t<\/div> \n\t<\/div>\n\t<\/div> \n<\/div><\/div>\n\t\t\t<\/div> \n\t\t<\/div>\n\t<\/div> \n<\/div><\/div>\n\t\t<div id=\"fws_69f26deca0cd6\"  data-column-margin=\"default\" data-midnight=\"dark\" data-bottom-percent=\"5%\"  class=\"wpb_row vc_row-fluid vc_row full-width-content vc_row-o-equal-height vc_row-flex vc_row-o-content-top\"  style=\"padding-top: 0px; padding-bottom: calc(100vw * 0.05); \"><div class=\"row-bg-wrap\" data-bg-animation=\"none\" data-bg-animation-delay=\"\" data-bg-overlay=\"false\"><div class=\"inner-wrap row-bg-layer\" ><div class=\"row-bg viewport-desktop\"  style=\"\"><\/div><\/div><\/div><div class=\"row_col_wrap_12 col span_12 dark left\">\n\t<div  class=\"vc_col-sm-12 wpb_column column_container vc_column_container col no-extra-padding inherit_tablet inherit_phone\"  data-padding-pos=\"all\" data-has-bg-color=\"false\" data-bg-color=\"\" data-bg-opacity=\"1\" data-animation=\"\" data-delay=\"0\" >\n\t\t<div class=\"vc_column-inner\" >\n\t\t\t<div class=\"wpb_wrapper\">\n\t\t\t\t\n\t<div class=\"wpb_gallery wpb_content_element clearfix\">\n\t\t<div class=\"wpb_wrapper\"><div class=\"wpb_gallery_slidesflickity_static_height_style\" data-onclick=\"link_no\" data-interval=\"5\"><style>.wpb_gallery_slidesflickity_static_height_style .nectar-flickity.instace-69f26deca10a3:not(.masonry) .flickity-slider .cell img {\n      height: 900px;\n    }\n    @media only screen and (max-width: 1300px) {\n      .wpb_gallery_slidesflickity_static_height_style .nectar-flickity.instace-69f26deca10a3:not(.masonry) .flickity-slider .cell img {\n        height: 400px;\n      }\n    }\n    @media only screen and (max-width: 1000px) {\n      .wpb_gallery_slidesflickity_static_height_style .nectar-flickity.instace-69f26deca10a3:not(.masonry) .flickity-slider .cell img {\n        height: 350px;\n      }\n    }\n    @media only screen and (max-width: 690px) {\n      .wpb_gallery_slidesflickity_static_height_style .nectar-flickity.instace-69f26deca10a3:not(.masonry) .flickity-slider .cell img {\n        height: 500px;\n      }\n    }<\/style><div class=\"nectar-flickity not-initialized instace-69f26deca10a3\"  data-touch-icon-color=\"default\" data-drag-scale=\"\" data-overflow=\"visible\" data-wrap=\"no-wrap\" data-spacing=\"10px\" data-shadow=\"none\" data-autoplay=\"\" data-autoplay-dur=\"\" data-free-scroll=\"\" data-controls=\"touch_total\"><div class=\"flickity-viewport\"> <div class=\"flickity-slider\"><div class=\"cell\" data-lazy=\"true\"><img loading=\"lazy\" decoding=\"async\" width=\"759\" height=\"1024\"  src=\"data:image\/svg+xml;charset=utf-8,%3Csvg%20xmlns%3D'http%3A%2F%2Fwww.w3.org%2F2000%2Fsvg'%20viewBox%3D'0%200%20759%201024'%2F%3E\" data-nectar-img-src=\"https:\/\/www.maesif.com\/wp-content\/uploads\/2024\/01\/sakralny_nabytok_na_mieru-759x1024.jpg\" class=\"skip-lazy nectar-lazy attachment-large\" alt=\"sakralny nabytok do kostola, nabytok na mieru maesif\" title=\"sakralny_nabytok_na_mieru\"  data-nectar-img-srcset=\"https:\/\/www.maesif.com\/wp-content\/uploads\/2024\/01\/sakralny_nabytok_na_mieru-759x1024.jpg 759w, https:\/\/www.maesif.com\/wp-content\/uploads\/2024\/01\/sakralny_nabytok_na_mieru-222x300.jpg 222w, https:\/\/www.maesif.com\/wp-content\/uploads\/2024\/01\/sakralny_nabytok_na_mieru-768x1036.jpg 768w, https:\/\/www.maesif.com\/wp-content\/uploads\/2024\/01\/sakralny_nabytok_na_mieru-1138x1536.jpg 1138w, https:\/\/www.maesif.com\/wp-content\/uploads\/2024\/01\/sakralny_nabytok_na_mieru-1518x2048.jpg 1518w, https:\/\/www.maesif.com\/wp-content\/uploads\/2024\/01\/sakralny_nabytok_na_mieru.jpg 1897w\"><\/div><div class=\"cell\" data-lazy=\"true\"><img loading=\"lazy\" decoding=\"async\" width=\"683\" height=\"1024\"  src=\"data:image\/svg+xml;charset=utf-8,%3Csvg%20xmlns%3D'http%3A%2F%2Fwww.w3.org%2F2000%2Fsvg'%20viewBox%3D'0%200%20683%201024'%2F%3E\" data-nectar-img-src=\"https:\/\/www.maesif.com\/wp-content\/uploads\/2024\/01\/stojan_kostol-683x1024.jpg\" class=\"skip-lazy nectar-lazy attachment-large\" alt=\"sakralny nabytok do kostola, nabytok na mieru maesif\" title=\"stojan_kostol\"  data-nectar-img-srcset=\"https:\/\/www.maesif.com\/wp-content\/uploads\/2024\/01\/stojan_kostol-683x1024.jpg 683w, https:\/\/www.maesif.com\/wp-content\/uploads\/2024\/01\/stojan_kostol-200x300.jpg 200w, https:\/\/www.maesif.com\/wp-content\/uploads\/2024\/01\/stojan_kostol-768x1152.jpg 768w, https:\/\/www.maesif.com\/wp-content\/uploads\/2024\/01\/stojan_kostol-1024x1536.jpg 1024w, https:\/\/www.maesif.com\/wp-content\/uploads\/2024\/01\/stojan_kostol-1366x2048.jpg 1366w, https:\/\/www.maesif.com\/wp-content\/uploads\/2024\/01\/stojan_kostol.jpg 1707w\"><\/div><div class=\"cell\" data-lazy=\"true\"><img loading=\"lazy\" decoding=\"async\" width=\"683\" height=\"1024\"  src=\"data:image\/svg+xml;charset=utf-8,%3Csvg%20xmlns%3D'http%3A%2F%2Fwww.w3.org%2F2000%2Fsvg'%20viewBox%3D'0%200%20683%201024'%2F%3E\" data-nectar-img-src=\"https:\/\/www.maesif.com\/wp-content\/uploads\/2024\/01\/stolik_pod_bohostankom-683x1024.jpg\" class=\"skip-lazy nectar-lazy attachment-large\" alt=\"sakralny nabytok do kostola, nabytok na mieru maesif\" title=\"stolik_pod_bohostankom\"  data-nectar-img-srcset=\"https:\/\/www.maesif.com\/wp-content\/uploads\/2024\/01\/stolik_pod_bohostankom-683x1024.jpg 683w, https:\/\/www.maesif.com\/wp-content\/uploads\/2024\/01\/stolik_pod_bohostankom-200x300.jpg 200w, https:\/\/www.maesif.com\/wp-content\/uploads\/2024\/01\/stolik_pod_bohostankom-768x1152.jpg 768w, https:\/\/www.maesif.com\/wp-content\/uploads\/2024\/01\/stolik_pod_bohostankom-1024x1536.jpg 1024w, https:\/\/www.maesif.com\/wp-content\/uploads\/2024\/01\/stolik_pod_bohostankom-1366x2048.jpg 1366w, https:\/\/www.maesif.com\/wp-content\/uploads\/2024\/01\/stolik_pod_bohostankom.jpg 1707w\"><\/div><div class=\"cell\" data-lazy=\"true\"><img loading=\"lazy\" decoding=\"async\" width=\"683\" height=\"1024\"  src=\"data:image\/svg+xml;charset=utf-8,%3Csvg%20xmlns%3D'http%3A%2F%2Fwww.w3.org%2F2000%2Fsvg'%20viewBox%3D'0%200%20683%201024'%2F%3E\" data-nectar-img-src=\"https:\/\/www.maesif.com\/wp-content\/uploads\/2024\/01\/ambona_sakralny_nabytok-683x1024.jpg\" class=\"skip-lazy nectar-lazy attachment-large\" alt=\"sakralny nabytok do kostola, nabytok na mieru maesif\" title=\"ambona_sakralny_nabytok\"  data-nectar-img-srcset=\"https:\/\/www.maesif.com\/wp-content\/uploads\/2024\/01\/ambona_sakralny_nabytok-683x1024.jpg 683w, https:\/\/www.maesif.com\/wp-content\/uploads\/2024\/01\/ambona_sakralny_nabytok-200x300.jpg 200w, https:\/\/www.maesif.com\/wp-content\/uploads\/2024\/01\/ambona_sakralny_nabytok-768x1152.jpg 768w, https:\/\/www.maesif.com\/wp-content\/uploads\/2024\/01\/ambona_sakralny_nabytok-1024x1536.jpg 1024w, https:\/\/www.maesif.com\/wp-content\/uploads\/2024\/01\/ambona_sakralny_nabytok-1366x2048.jpg 1366w, https:\/\/www.maesif.com\/wp-content\/uploads\/2024\/01\/ambona_sakralny_nabytok.jpg 1707w\"><\/div><div class=\"cell\" data-lazy=\"true\"><img loading=\"lazy\" decoding=\"async\" width=\"683\" height=\"1024\"  src=\"data:image\/svg+xml;charset=utf-8,%3Csvg%20xmlns%3D'http%3A%2F%2Fwww.w3.org%2F2000%2Fsvg'%20viewBox%3D'0%200%20683%201024'%2F%3E\" data-nectar-img-src=\"https:\/\/www.maesif.com\/wp-content\/uploads\/2024\/01\/bohostanok_sakralny_nabytok-683x1024.jpg\" class=\"skip-lazy nectar-lazy attachment-large\" alt=\"sakralny nabytok do kostola, nabytok na mieru maesif\" title=\"bohostanok_sakralny_nabytok\"  data-nectar-img-srcset=\"https:\/\/www.maesif.com\/wp-content\/uploads\/2024\/01\/bohostanok_sakralny_nabytok-683x1024.jpg 683w, https:\/\/www.maesif.com\/wp-content\/uploads\/2024\/01\/bohostanok_sakralny_nabytok-200x300.jpg 200w, https:\/\/www.maesif.com\/wp-content\/uploads\/2024\/01\/bohostanok_sakralny_nabytok-768x1152.jpg 768w, https:\/\/www.maesif.com\/wp-content\/uploads\/2024\/01\/bohostanok_sakralny_nabytok-1024x1536.jpg 1024w, https:\/\/www.maesif.com\/wp-content\/uploads\/2024\/01\/bohostanok_sakralny_nabytok-1366x2048.jpg 1366w, https:\/\/www.maesif.com\/wp-content\/uploads\/2024\/01\/bohostanok_sakralny_nabytok.jpg 1707w\"><\/div><\/div><\/div><\/div><\/div>\n\t\t<\/div> \n\t<\/div> \n\t\t\t<\/div> \n\t\t<\/div>\n\t<\/div> \n<\/div><\/div>\n\t\t<div id=\"fws_69f26deca2911\"  data-column-margin=\"default\" data-midnight=\"dark\"  class=\"wpb_row vc_row-fluid vc_row\"  style=\"padding-top: 0px; padding-bottom: 0px; \"><div class=\"row-bg-wrap\" data-bg-animation=\"none\" data-bg-animation-delay=\"\" data-bg-overlay=\"false\"><div class=\"inner-wrap row-bg-layer\" ><div class=\"row-bg viewport-desktop\"  style=\"\"><\/div><\/div><\/div><div class=\"row_col_wrap_12 col span_12 dark left\">\n\t<div  class=\"vc_col-sm-12 wpb_column column_container vc_column_container col no-extra-padding inherit_tablet inherit_phone\"  data-padding-pos=\"all\" data-has-bg-color=\"false\" data-bg-color=\"\" data-bg-opacity=\"1\" data-animation=\"\" data-delay=\"0\" >\n\t\t<div class=\"vc_column-inner\" >\n\t\t\t<div class=\"wpb_wrapper\">\n\t\t\t\t<div class=\"img-with-aniamtion-wrap\" data-max-width=\"100%\" data-max-width-mobile=\"default\" data-shadow=\"none\" data-animation=\"none\" >\n      <div class=\"inner\">\n        <div class=\"hover-wrap\"> \n          <div class=\"hover-wrap-inner\">\n            <img loading=\"lazy\" decoding=\"async\" class=\"img-with-animation skip-lazy\" data-delay=\"0\" height=\"1707\" width=\"2560\" data-animation=\"none\" src=\"https:\/\/www.maesif.com\/wp-content\/uploads\/2024\/01\/presbyterium_sakralny_nabytok.jpg\" alt=\"sakralny nabytok do kostola, nabytok na mieru maesif\" srcset=\"https:\/\/www.maesif.com\/wp-content\/uploads\/2024\/01\/presbyterium_sakralny_nabytok.jpg 2560w, https:\/\/www.maesif.com\/wp-content\/uploads\/2024\/01\/presbyterium_sakralny_nabytok-300x200.jpg 300w, https:\/\/www.maesif.com\/wp-content\/uploads\/2024\/01\/presbyterium_sakralny_nabytok-1024x683.jpg 1024w, https:\/\/www.maesif.com\/wp-content\/uploads\/2024\/01\/presbyterium_sakralny_nabytok-768x512.jpg 768w, https:\/\/www.maesif.com\/wp-content\/uploads\/2024\/01\/presbyterium_sakralny_nabytok-1536x1024.jpg 1536w, https:\/\/www.maesif.com\/wp-content\/uploads\/2024\/01\/presbyterium_sakralny_nabytok-2048x1366.jpg 2048w, https:\/\/www.maesif.com\/wp-content\/uploads\/2024\/01\/presbyterium_sakralny_nabytok-900x600.jpg 900w\" sizes=\"auto, (max-width: 2560px) 100vw, 2560px\" \/>\n          <\/div>\n        <\/div>\n      <\/div>\n    <\/div>\n\t\t\t<\/div> \n\t\t<\/div>\n\t<\/div> \n<\/div><\/div>\n\t\t<div id=\"fws_69f26deca3142\"  data-column-margin=\"default\" data-midnight=\"dark\"  class=\"wpb_row vc_row-fluid vc_row\"  style=\"padding-top: 0px; padding-bottom: 0px; \"><div class=\"row-bg-wrap\" data-bg-animation=\"none\" data-bg-animation-delay=\"\" data-bg-overlay=\"false\"><div class=\"inner-wrap row-bg-layer\" ><div class=\"row-bg viewport-desktop\"  style=\"\"><\/div><\/div><\/div><div class=\"row_col_wrap_12 col span_12 dark left\">\n\t<div  class=\"vc_col-sm-12 wpb_column column_container vc_column_container col no-extra-padding inherit_tablet inherit_phone\"  data-padding-pos=\"all\" data-has-bg-color=\"false\" data-bg-color=\"\" data-bg-opacity=\"1\" data-animation=\"\" data-delay=\"0\" >\n\t\t<div class=\"vc_column-inner\" >\n\t\t\t<div class=\"wpb_wrapper\">\n\t\t\t\t<div class=\"img-with-aniamtion-wrap\" data-max-width=\"100%\" data-max-width-mobile=\"default\" data-shadow=\"none\" data-animation=\"none\" >\n      <div class=\"inner\">\n        <div class=\"hover-wrap\"> \n          <div class=\"hover-wrap-inner\">\n            <img loading=\"lazy\" decoding=\"async\" class=\"img-with-animation skip-lazy\" data-delay=\"0\" height=\"1707\" width=\"2560\" data-animation=\"none\" src=\"https:\/\/www.maesif.com\/wp-content\/uploads\/2024\/01\/kostol_vyroba_nabytku.jpg\" alt=\"sakralny nabytok do kostola, nabytok na mieru maesif\" srcset=\"https:\/\/www.maesif.com\/wp-content\/uploads\/2024\/01\/kostol_vyroba_nabytku.jpg 2560w, https:\/\/www.maesif.com\/wp-content\/uploads\/2024\/01\/kostol_vyroba_nabytku-300x200.jpg 300w, https:\/\/www.maesif.com\/wp-content\/uploads\/2024\/01\/kostol_vyroba_nabytku-1024x683.jpg 1024w, https:\/\/www.maesif.com\/wp-content\/uploads\/2024\/01\/kostol_vyroba_nabytku-768x512.jpg 768w, https:\/\/www.maesif.com\/wp-content\/uploads\/2024\/01\/kostol_vyroba_nabytku-1536x1024.jpg 1536w, https:\/\/www.maesif.com\/wp-content\/uploads\/2024\/01\/kostol_vyroba_nabytku-2048x1366.jpg 2048w, https:\/\/www.maesif.com\/wp-content\/uploads\/2024\/01\/kostol_vyroba_nabytku-900x600.jpg 900w\" sizes=\"auto, (max-width: 2560px) 100vw, 2560px\" \/>\n          <\/div>\n        <\/div>\n      <\/div>\n    <\/div>\n\t\t\t<\/div> \n\t\t<\/div>\n\t<\/div> \n<\/div><\/div>","protected":false},"excerpt":{"rendered":"INTERI\u00c9R NA MIERU realiz\u00e1cie Ladce Sakr\u00e1lny n\u00e1bytok presbyt\u00e9ria v kostole Bo\u017eieho milosrdenstva v Ladcoch Realiz\u00e1cia \u010dasti presbyt\u00e9ria v\u00a0kostole Bo\u017eieho milosrdenstva v\u00a0Ladcoch bola pre n\u00e1s nenahradite\u013enou realiza\u010dnou sk\u00fasenos\u0165ou. Interi\u00e9r kostola je...","protected":false},"author":1,"featured_media":0,"parent":0,"menu_order":0,"comment_status":"closed","ping_status":"closed","template":"","meta":{"_monsterinsights_skip_tracking":false,"_monsterinsights_sitenote_active":false,"_monsterinsights_sitenote_note":"","_monsterinsights_sitenote_category":0,"_uf_show_specific_survey":0,"_uf_disable_surveys":false,"footnotes":""},"class_list":["post-923","page","type-page","status-publish"],"yoast_head":"<!-- This site is optimized with the Yoast SEO plugin v26.4 - https:\/\/yoast.com\/wordpress\/plugins\/seo\/ -->\n<title>maesif - Sakr\u00e1lny n\u00e1bytok do kostola v Ladcoch<\/title>\n<meta name=\"description\" content=\"V\u00fdroba sakr\u00e1lneho n\u00e1bytku na mieru. Realiz\u00e1cia presbyt\u00e9ria kostola v Ladcoch. V\u00fdnimo\u010dn\u00e9 dielo architekta Zde\u0148ka Dvo\u0159\u00e1ka.\" \/>\n<meta name=\"robots\" content=\"index, follow, max-snippet:-1, max-image-preview:large, max-video-preview:-1\" \/>\n<link rel=\"canonical\" href=\"https:\/\/www.maesif.com\/en\/kostol\/\" \/>\n<meta property=\"og:locale\" content=\"en_GB\" \/>\n<meta property=\"og:type\" content=\"article\" \/>\n<meta property=\"og:title\" content=\"maesif - Sakr\u00e1lny n\u00e1bytok do kostola v Ladcoch\" \/>\n<meta property=\"og:description\" content=\"V\u00fdroba sakr\u00e1lneho n\u00e1bytku na mieru. Realiz\u00e1cia presbyt\u00e9ria kostola v Ladcoch. V\u00fdnimo\u010dn\u00e9 dielo architekta Zde\u0148ka Dvo\u0159\u00e1ka.\" \/>\n<meta property=\"og:url\" content=\"https:\/\/www.maesif.com\/en\/kostol\/\" \/>\n<meta property=\"og:site_name\" content=\"maesif\" \/>\n<meta property=\"article:publisher\" content=\"https:\/\/www.facebook.com\/maesif.furniture\" \/>\n<meta property=\"article:modified_time\" content=\"2024-02-15T10:39:49+00:00\" \/>\n<meta property=\"og:image\" content=\"https:\/\/www.maesif.com\/wp-content\/uploads\/2024\/01\/maesif_1200x675.webp\" \/>\n\t<meta property=\"og:image:width\" content=\"1200\" \/>\n\t<meta property=\"og:image:height\" content=\"675\" \/>\n\t<meta property=\"og:image:type\" content=\"image\/webp\" \/>\n<meta name=\"twitter:card\" content=\"summary_large_image\" \/>\n<meta name=\"twitter:label1\" content=\"Estimated reading time\" \/>\n\t<meta name=\"twitter:data1\" content=\"6 minutes\" \/>\n<script type=\"application\/ld+json\" class=\"yoast-schema-graph\">{\"@context\":\"https:\/\/schema.org\",\"@graph\":[{\"@type\":\"WebPage\",\"@id\":\"https:\/\/www.maesif.com\/kostol\/\",\"url\":\"https:\/\/www.maesif.com\/kostol\/\",\"name\":\"maesif - Sakr\u00e1lny n\u00e1bytok do kostola v Ladcoch\",\"isPartOf\":{\"@id\":\"https:\/\/www.maesif.com\/#website\"},\"datePublished\":\"2024-01-04T13:55:48+00:00\",\"dateModified\":\"2024-02-15T10:39:49+00:00\",\"description\":\"V\u00fdroba sakr\u00e1lneho n\u00e1bytku na mieru. Realiz\u00e1cia presbyt\u00e9ria kostola v Ladcoch. V\u00fdnimo\u010dn\u00e9 dielo architekta Zde\u0148ka Dvo\u0159\u00e1ka.\",\"breadcrumb\":{\"@id\":\"https:\/\/www.maesif.com\/kostol\/#breadcrumb\"},\"inLanguage\":\"en-GB\",\"potentialAction\":[{\"@type\":\"ReadAction\",\"target\":[\"https:\/\/www.maesif.com\/kostol\/\"]}]},{\"@type\":\"BreadcrumbList\",\"@id\":\"https:\/\/www.maesif.com\/kostol\/#breadcrumb\",\"itemListElement\":[{\"@type\":\"ListItem\",\"position\":1,\"name\":\"Domovsk\u00e1 str\u00e1nka\",\"item\":\"https:\/\/www.maesif.com\/\"},{\"@type\":\"ListItem\",\"position\":2,\"name\":\"Kostol\"}]},{\"@type\":\"WebSite\",\"@id\":\"https:\/\/www.maesif.com\/#website\",\"url\":\"https:\/\/www.maesif.com\/\",\"name\":\"maesif\",\"description\":\"V\u00fdroba n\u00e1bytku na mieru\",\"publisher\":{\"@id\":\"https:\/\/www.maesif.com\/#organization\"},\"potentialAction\":[{\"@type\":\"SearchAction\",\"target\":{\"@type\":\"EntryPoint\",\"urlTemplate\":\"https:\/\/www.maesif.com\/?s={search_term_string}\"},\"query-input\":{\"@type\":\"PropertyValueSpecification\",\"valueRequired\":true,\"valueName\":\"search_term_string\"}}],\"inLanguage\":\"en-GB\"},{\"@type\":\"Organization\",\"@id\":\"https:\/\/www.maesif.com\/#organization\",\"name\":\"maesif s.r.o.\",\"url\":\"https:\/\/www.maesif.com\/\",\"logo\":{\"@type\":\"ImageObject\",\"inLanguage\":\"en-GB\",\"@id\":\"https:\/\/www.maesif.com\/#\/schema\/logo\/image\/\",\"url\":\"https:\/\/www.maesif.com\/wp-content\/uploads\/2023\/02\/maesif_logo_black_retina.webp\",\"contentUrl\":\"https:\/\/www.maesif.com\/wp-content\/uploads\/2023\/02\/maesif_logo_black_retina.webp\",\"width\":240,\"height\":65,\"caption\":\"maesif s.r.o.\"},\"image\":{\"@id\":\"https:\/\/www.maesif.com\/#\/schema\/logo\/image\/\"},\"sameAs\":[\"https:\/\/www.facebook.com\/maesif.furniture\",\"https:\/\/www.instagram.com\/maesif_furniture\",\"https:\/\/www.pinterest.com\/maesif_furniture\/\",\"https:\/\/www.linkedin.com\/company\/maesif-s-r-o\/\"]}]}<\/script>\n<!-- \/ Yoast SEO plugin. -->","yoast_head_json":{"title":"maesif - Sakr\u00e1lny n\u00e1bytok do kostola v Ladcoch","description":"V\u00fdroba sakr\u00e1lneho n\u00e1bytku na mieru. Realiz\u00e1cia presbyt\u00e9ria kostola v Ladcoch. V\u00fdnimo\u010dn\u00e9 dielo architekta Zde\u0148ka Dvo\u0159\u00e1ka.","robots":{"index":"index","follow":"follow","max-snippet":"max-snippet:-1","max-image-preview":"max-image-preview:large","max-video-preview":"max-video-preview:-1"},"canonical":"https:\/\/www.maesif.com\/en\/kostol\/","og_locale":"en_GB","og_type":"article","og_title":"maesif - Sakr\u00e1lny n\u00e1bytok do kostola v Ladcoch","og_description":"V\u00fdroba sakr\u00e1lneho n\u00e1bytku na mieru. Realiz\u00e1cia presbyt\u00e9ria kostola v Ladcoch. V\u00fdnimo\u010dn\u00e9 dielo architekta Zde\u0148ka Dvo\u0159\u00e1ka.","og_url":"https:\/\/www.maesif.com\/en\/kostol\/","og_site_name":"maesif","article_publisher":"https:\/\/www.facebook.com\/maesif.furniture","article_modified_time":"2024-02-15T10:39:49+00:00","og_image":[{"width":1200,"height":675,"url":"https:\/\/www.maesif.com\/wp-content\/uploads\/2024\/01\/maesif_1200x675.webp","type":"image\/webp"}],"twitter_card":"summary_large_image","twitter_misc":{"Estimated reading time":"6 minutes"},"schema":{"@context":"https:\/\/schema.org","@graph":[{"@type":"WebPage","@id":"https:\/\/www.maesif.com\/kostol\/","url":"https:\/\/www.maesif.com\/kostol\/","name":"maesif - Sakr\u00e1lny n\u00e1bytok do kostola v Ladcoch","isPartOf":{"@id":"https:\/\/www.maesif.com\/#website"},"datePublished":"2024-01-04T13:55:48+00:00","dateModified":"2024-02-15T10:39:49+00:00","description":"V\u00fdroba sakr\u00e1lneho n\u00e1bytku na mieru. Realiz\u00e1cia presbyt\u00e9ria kostola v Ladcoch. V\u00fdnimo\u010dn\u00e9 dielo architekta Zde\u0148ka Dvo\u0159\u00e1ka.","breadcrumb":{"@id":"https:\/\/www.maesif.com\/kostol\/#breadcrumb"},"inLanguage":"en-GB","potentialAction":[{"@type":"ReadAction","target":["https:\/\/www.maesif.com\/kostol\/"]}]},{"@type":"BreadcrumbList","@id":"https:\/\/www.maesif.com\/kostol\/#breadcrumb","itemListElement":[{"@type":"ListItem","position":1,"name":"Domovsk\u00e1 str\u00e1nka","item":"https:\/\/www.maesif.com\/"},{"@type":"ListItem","position":2,"name":"Kostol"}]},{"@type":"WebSite","@id":"https:\/\/www.maesif.com\/#website","url":"https:\/\/www.maesif.com\/","name":"maesif","description":"V\u00fdroba n\u00e1bytku na mieru","publisher":{"@id":"https:\/\/www.maesif.com\/#organization"},"potentialAction":[{"@type":"SearchAction","target":{"@type":"EntryPoint","urlTemplate":"https:\/\/www.maesif.com\/?s={search_term_string}"},"query-input":{"@type":"PropertyValueSpecification","valueRequired":true,"valueName":"search_term_string"}}],"inLanguage":"en-GB"},{"@type":"Organization","@id":"https:\/\/www.maesif.com\/#organization","name":"maesif s.r.o.","url":"https:\/\/www.maesif.com\/","logo":{"@type":"ImageObject","inLanguage":"en-GB","@id":"https:\/\/www.maesif.com\/#\/schema\/logo\/image\/","url":"https:\/\/www.maesif.com\/wp-content\/uploads\/2023\/02\/maesif_logo_black_retina.webp","contentUrl":"https:\/\/www.maesif.com\/wp-content\/uploads\/2023\/02\/maesif_logo_black_retina.webp","width":240,"height":65,"caption":"maesif s.r.o."},"image":{"@id":"https:\/\/www.maesif.com\/#\/schema\/logo\/image\/"},"sameAs":["https:\/\/www.facebook.com\/maesif.furniture","https:\/\/www.instagram.com\/maesif_furniture","https:\/\/www.pinterest.com\/maesif_furniture\/","https:\/\/www.linkedin.com\/company\/maesif-s-r-o\/"]}]}},"_links":{"self":[{"href":"https:\/\/www.maesif.com\/en\/wp-json\/wp\/v2\/pages\/923","targetHints":{"allow":["GET"]}}],"collection":[{"href":"https:\/\/www.maesif.com\/en\/wp-json\/wp\/v2\/pages"}],"about":[{"href":"https:\/\/www.maesif.com\/en\/wp-json\/wp\/v2\/types\/page"}],"author":[{"embeddable":true,"href":"https:\/\/www.maesif.com\/en\/wp-json\/wp\/v2\/users\/1"}],"replies":[{"embeddable":true,"href":"https:\/\/www.maesif.com\/en\/wp-json\/wp\/v2\/comments?post=923"}],"version-history":[{"count":15,"href":"https:\/\/www.maesif.com\/en\/wp-json\/wp\/v2\/pages\/923\/revisions"}],"predecessor-version":[{"id":1823,"href":"https:\/\/www.maesif.com\/en\/wp-json\/wp\/v2\/pages\/923\/revisions\/1823"}],"wp:attachment":[{"href":"https:\/\/www.maesif.com\/en\/wp-json\/wp\/v2\/media?parent=923"}],"curies":[{"name":"wp","href":"https:\/\/api.w.org\/{rel}","templated":true}]}}