{"id":1247,"date":"2024-01-12T11:32:24","date_gmt":"2024-01-12T10:32:24","guid":{"rendered":"https:\/\/www.maesif.com\/?page_id=1247"},"modified":"2024-02-15T14:12:58","modified_gmt":"2024-02-15T13:12:58","slug":"predajna-vazka","status":"publish","type":"page","link":"https:\/\/www.maesif.com\/en\/predajna-vazka\/","title":{"rendered":"Predaj\u0148a V\u00e1\u017eka"},"content":{"rendered":"<div id=\"fws_69f2a270ac533\"  data-column-margin=\"default\" data-midnight=\"dark\" data-top-percent=\"5%\" data-bottom-percent=\"3%\"  class=\"wpb_row vc_row-fluid vc_row full-width-section\"  style=\"padding-top: calc(100vw * 0.05); padding-bottom: calc(100vw * 0.03); \"><div class=\"row-bg-wrap\" data-bg-animation=\"none\" data-bg-animation-delay=\"\" data-bg-overlay=\"false\"><div class=\"inner-wrap row-bg-layer\" ><div class=\"row-bg viewport-desktop\"  style=\"\"><\/div><\/div><\/div><div class=\"row_col_wrap_12 col span_12 dark left\">\n\t<div  class=\"vc_col-sm-12 wpb_column column_container vc_column_container col no-extra-padding inherit_tablet inherit_phone\"  data-padding-pos=\"all\" data-has-bg-color=\"false\" data-bg-color=\"\" data-bg-opacity=\"1\" data-animation=\"\" data-delay=\"0\" >\n\t\t<div class=\"vc_column-inner\" >\n\t\t\t<div class=\"wpb_wrapper\">\n\t\t\t\t\n<div class=\"wpb_text_column wpb_content_element\" >\n\t<div class=\"wpb_wrapper\">\n\t\t<h3 style=\"text-align: right;\"><strong>BESPOKE INTERIOR<\/strong><br \/>\ncase studies<\/h3>\n\t<\/div>\n<\/div>\n\n\n\n\n\t\t\t<\/div> \n\t\t<\/div>\n\t<\/div> \n<\/div><\/div>\n\t\t<div id=\"fws_69f2a270acde7\"  data-column-margin=\"default\" data-midnight=\"dark\" data-bottom-percent=\"5%\"  class=\"wpb_row vc_row-fluid vc_row full-width-content vc_row-o-equal-height vc_row-flex vc_row-o-content-top  bottom_padding_phone_0px\"  style=\"padding-top: 0px; padding-bottom: calc(100vw * 0.05); \"><div class=\"row-bg-wrap\" data-bg-animation=\"none\" data-bg-animation-delay=\"\" data-bg-overlay=\"false\"><div class=\"inner-wrap row-bg-layer\" ><div class=\"row-bg viewport-desktop\"  style=\"\"><\/div><\/div><\/div><div class=\"row_col_wrap_12 col span_12 dark left\">\n\t<div  class=\"vc_col-sm-6 vc_hidden-xs wpb_column column_container vc_column_container col no-extra-padding inherit_tablet inherit_phone\"  data-padding-pos=\"all\" data-has-bg-color=\"false\" data-bg-color=\"\" data-bg-opacity=\"1\" data-animation=\"\" data-delay=\"0\" >\n\t\t<div class=\"vc_column-inner\" >\n\t\t\t<div class=\"wpb_wrapper\">\n\t\t\t\t<div id=\"fws_69f2a270ad156\" data-midnight=\"\" data-column-margin=\"default\" class=\"wpb_row vc_row-fluid vc_row inner_row  left_padding_100px\"  style=\"\"><div class=\"row-bg-wrap\"> <div class=\"row-bg\" ><\/div> <\/div><div class=\"row_col_wrap_12_inner col span_12  left\">\n\t<div  class=\"vc_col-sm-12 wpb_column column_container vc_column_container col child_column no-extra-padding inherit_tablet inherit_phone\"   data-padding-pos=\"all\" data-has-bg-color=\"false\" data-bg-color=\"\" data-bg-opacity=\"1\" data-animation=\"\" data-delay=\"0\" >\n\t\t<div class=\"vc_column-inner\" >\n\t\t<div class=\"wpb_wrapper\">\n\t\t\t<div class=\"divider-wrap\" data-alignment=\"default\"><div style=\"height: 300px;\" class=\"divider\"><\/div><\/div>\n<div class=\"wpb_text_column wpb_content_element  vc_custom_1707145142393\" >\n\t<div class=\"wpb_wrapper\">\n\t\t<h6>Bratislava<\/h6>\n<h2>Furnishing the package-free retail space 'U V\u00e1\u017eky'<\/h2>\n<p style=\"text-align: justify;\">At the outset, our clients had a concept prepared, intending to open a packaging-free store in Bratislava, offering the highest-quality food items, mainly sourced from Slovakia. They approached us with the need for custom furniture design and production for their retail space.<\/p>\n<p style=\"text-align: justify;\">We created a system of lower or taller shelving units, tailored to specific products.<br \/>\nMaterial-wise, we opted for a combination of plywood and solid oak, treated with natural wax oil. The facility also included two cash register areas with facilities and smaller items like a rack for baked goods.<\/p>\n\t<\/div>\n<\/div>\n\n\n\n\n\t\t<\/div> \n\t<\/div>\n\t<\/div> \n<\/div><\/div><div id=\"fws_69f2a270ad5fd\" data-midnight=\"\" data-column-margin=\"default\" class=\"wpb_row vc_row-fluid vc_row inner_row  left_padding_200px\"  style=\"padding-top: 20px; \"><div class=\"row-bg-wrap\"> <div class=\"row-bg\" ><\/div> <\/div><div class=\"row_col_wrap_12_inner col span_12  left\">\n\t<div  class=\"vc_col-sm-4 wpb_column column_container vc_column_container col child_column no-extra-padding inherit_tablet inherit_phone\"   data-padding-pos=\"all\" data-has-bg-color=\"false\" data-bg-color=\"\" data-bg-opacity=\"1\" data-animation=\"\" data-delay=\"0\" >\n\t\t<div class=\"vc_column-inner\" >\n\t\t<div class=\"wpb_wrapper\">\n\t\t\t\n<div class=\"wpb_text_column wpb_content_element\" >\n\t<div class=\"wpb_wrapper\">\n\t\t<p><strong>design:<\/strong><br \/>\nmaesif<\/p>\n\t<\/div>\n<\/div>\n\n\n\n\n\t\t<\/div> \n\t<\/div>\n\t<\/div> \n\n\t<div  class=\"vc_col-sm-4 wpb_column column_container vc_column_container col child_column no-extra-padding inherit_tablet inherit_phone\"   data-padding-pos=\"all\" data-has-bg-color=\"false\" data-bg-color=\"\" data-bg-opacity=\"1\" data-animation=\"\" data-delay=\"0\" >\n\t\t<div class=\"vc_column-inner\" >\n\t\t<div class=\"wpb_wrapper\">\n\t\t\t\n<div class=\"wpb_text_column wpb_content_element\" >\n\t<div class=\"wpb_wrapper\">\n\t\t<p><strong>year:<\/strong><br \/>\n2019<\/p>\n\t<\/div>\n<\/div>\n\n\n\n\n\t\t<\/div> \n\t<\/div>\n\t<\/div> \n\n\t<div  class=\"vc_col-sm-4 wpb_column column_container vc_column_container col child_column no-extra-padding inherit_tablet inherit_phone\"   data-padding-pos=\"all\" data-has-bg-color=\"false\" data-bg-color=\"\" data-bg-opacity=\"1\" data-animation=\"\" data-delay=\"0\" >\n\t\t<div class=\"vc_column-inner\" >\n\t\t<div class=\"wpb_wrapper\">\n\t\t\t\n<div class=\"wpb_text_column wpb_content_element\" >\n\t<div class=\"wpb_wrapper\">\n\t\t<p><strong>photo:<\/strong><br \/>\nU v\u00e1\u017eky bezobalov\u00fd obchod<\/p>\n\t<\/div>\n<\/div>\n\n\n\n\n\t\t<\/div> \n\t<\/div>\n\t<\/div> \n<\/div><\/div>\n\t\t\t<\/div> \n\t\t<\/div>\n\t<\/div> \n\n\t<div style=\"\" class=\"vc_col-sm-6 vc_hidden-xs wpb_column column_container vc_column_container col no-extra-padding inherit_tablet inherit_phone\" data-using-bg=\"true\" data-bg-cover=\"true\" data-padding-pos=\"all\" data-has-bg-color=\"false\" data-bg-color=\"\" data-bg-opacity=\"1\" data-animation=\"\" data-delay=\"0\" >\n\t\t<div class=\"vc_column-inner\" ><div class=\"column-image-bg-wrap column-bg-layer viewport-desktop\" data-bg-pos=\"right center\" data-bg-animation=\"none\" data-bg-overlay=\"false\"><div class=\"inner-wrap\"><div class=\"column-image-bg\" style=\" background-image: url('https:\/\/www.maesif.com\/wp-content\/uploads\/2024\/01\/u-vazky-bezobalovy-obchod.jpg'); \"><\/div><\/div><\/div>\n\t\t\t<div class=\"wpb_wrapper\">\n\t\t\t\t<div class=\"divider-wrap\" data-alignment=\"default\"><div style=\"height: 550px;\" class=\"divider\"><\/div><\/div>\n\t\t\t<\/div> \n\t\t<\/div>\n\t<\/div> \n<\/div><\/div>\n\t\t<div id=\"fws_69f2a270ae1fb\"  data-column-margin=\"default\" data-midnight=\"dark\"  class=\"wpb_row vc_row-fluid vc_row full-width-section  bottom_padding_phone_20px\"  style=\"padding-top: 0px; padding-bottom: 0px; \"><div class=\"row-bg-wrap\" data-bg-animation=\"none\" data-bg-animation-delay=\"\" data-bg-overlay=\"false\"><div class=\"inner-wrap row-bg-layer\" ><div class=\"row-bg viewport-desktop\"  style=\"\"><\/div><\/div><\/div><div class=\"row_col_wrap_12 col span_12 dark left\">\n\t<div  class=\"vc_col-sm-12 vc_hidden-lg vc_hidden-md vc_hidden-sm wpb_column column_container vc_column_container col no-extra-padding inherit_tablet inherit_phone\"  data-padding-pos=\"all\" data-has-bg-color=\"false\" data-bg-color=\"\" data-bg-opacity=\"1\" data-animation=\"\" data-delay=\"0\" >\n\t\t<div class=\"vc_column-inner\" >\n\t\t\t<div class=\"wpb_wrapper\">\n\t\t\t\t<div class=\"img-with-aniamtion-wrap center\" data-max-width=\"100%\" data-max-width-mobile=\"default\" data-shadow=\"none\" data-animation=\"none\" >\n      <div class=\"inner\">\n        <div class=\"hover-wrap\"> \n          <div class=\"hover-wrap-inner\">\n            <img loading=\"lazy\" decoding=\"async\" class=\"img-with-animation skip-lazy\" data-delay=\"0\" height=\"1709\" width=\"2560\" data-animation=\"none\" src=\"https:\/\/www.maesif.com\/wp-content\/uploads\/2024\/01\/predajna_U_vazky.jpg\" alt=\"n\u00e1bytok do predajne U v\u00e1\u017eky, predajny regal z dreva, nabytok na mieru maesif\" srcset=\"https:\/\/www.maesif.com\/wp-content\/uploads\/2024\/01\/predajna_U_vazky.jpg 2560w, https:\/\/www.maesif.com\/wp-content\/uploads\/2024\/01\/predajna_U_vazky-300x200.jpg 300w, https:\/\/www.maesif.com\/wp-content\/uploads\/2024\/01\/predajna_U_vazky-1024x684.jpg 1024w, https:\/\/www.maesif.com\/wp-content\/uploads\/2024\/01\/predajna_U_vazky-768x513.jpg 768w, https:\/\/www.maesif.com\/wp-content\/uploads\/2024\/01\/predajna_U_vazky-1536x1025.jpg 1536w, https:\/\/www.maesif.com\/wp-content\/uploads\/2024\/01\/predajna_U_vazky-2048x1367.jpg 2048w, https:\/\/www.maesif.com\/wp-content\/uploads\/2024\/01\/predajna_U_vazky-900x600.jpg 900w\" sizes=\"auto, (max-width: 2560px) 100vw, 2560px\" \/>\n          <\/div>\n        <\/div>\n      <\/div>\n    <\/div>\n<div class=\"wpb_text_column wpb_content_element\" >\n\t<div class=\"wpb_wrapper\">\n\t\t<h6>Bratislava<\/h6>\n<h2>Furnishing the package-free retail space 'U V\u00e1\u017eky'<\/h2>\n<p style=\"text-align: justify;\">At the outset, our clients had a concept prepared, intending to open a packaging-free store in Bratislava, offering the highest-quality food items, mainly sourced from Slovakia. They approached us with the need for custom furniture design and production for their retail space.<\/p>\n<p style=\"text-align: justify;\">We created a system of lower or taller shelving units, tailored to specific products.<br \/>\nMaterial-wise, we opted for a combination of plywood and solid oak, treated with natural wax oil. The facility also included two cash register areas with facilities and smaller items like a rack for baked goods.<\/p>\n\t<\/div>\n<\/div>\n\n\n\n<div id=\"fws_69f2a270aeb32\" data-midnight=\"\" data-column-margin=\"default\" class=\"wpb_row vc_row-fluid vc_row inner_row\"  style=\"\"><div class=\"row-bg-wrap\"> <div class=\"row-bg\" ><\/div> <\/div><div class=\"row_col_wrap_12_inner col span_12  left\">\n\t<div  class=\"vc_col-sm-4 vc_col-xs-4 wpb_column column_container vc_column_container col child_column no-extra-padding inherit_tablet inherit_phone\"   data-padding-pos=\"all\" data-has-bg-color=\"false\" data-bg-color=\"\" data-bg-opacity=\"1\" data-animation=\"\" data-delay=\"0\" >\n\t\t<div class=\"vc_column-inner\" >\n\t\t<div class=\"wpb_wrapper\">\n\t\t\t\n<div class=\"wpb_text_column wpb_content_element\" >\n\t<div class=\"wpb_wrapper\">\n\t\t<p><strong>design:<\/strong><br \/>\nmaesif<\/p>\n\t<\/div>\n<\/div>\n\n\n\n\n\t\t<\/div> \n\t<\/div>\n\t<\/div> \n\n\t<div  class=\"vc_col-sm-4 vc_col-xs-4 wpb_column column_container vc_column_container col child_column no-extra-padding inherit_tablet inherit_phone\"   data-padding-pos=\"all\" data-has-bg-color=\"false\" data-bg-color=\"\" data-bg-opacity=\"1\" data-animation=\"\" data-delay=\"0\" >\n\t\t<div class=\"vc_column-inner\" >\n\t\t<div class=\"wpb_wrapper\">\n\t\t\t\n<div class=\"wpb_text_column wpb_content_element\" >\n\t<div class=\"wpb_wrapper\">\n\t\t<p><strong>year:<\/strong><br \/>\n2019<\/p>\n\t<\/div>\n<\/div>\n\n\n\n\n\t\t<\/div> \n\t<\/div>\n\t<\/div> \n\n\t<div  class=\"vc_col-sm-4 vc_col-xs-4 wpb_column column_container vc_column_container col child_column no-extra-padding inherit_tablet inherit_phone\"   data-padding-pos=\"all\" data-has-bg-color=\"false\" data-bg-color=\"\" data-bg-opacity=\"1\" data-animation=\"\" data-delay=\"0\" >\n\t\t<div class=\"vc_column-inner\" >\n\t\t<div class=\"wpb_wrapper\">\n\t\t\t\n<div class=\"wpb_text_column wpb_content_element\" >\n\t<div class=\"wpb_wrapper\">\n\t\t<p><strong>photo:<\/strong><br \/>\nU v\u00e1\u017eky bezobalov\u00fd obchod<\/p>\n\t<\/div>\n<\/div>\n\n\n\n\n\t\t<\/div> \n\t<\/div>\n\t<\/div> \n<\/div><\/div>\n\t\t\t<\/div> \n\t\t<\/div>\n\t<\/div> \n<\/div><\/div>\n\t\t<div id=\"fws_69f2a270af20e\"  data-column-margin=\"default\" data-midnight=\"dark\" data-bottom-percent=\"5%\"  class=\"wpb_row vc_row-fluid vc_row full-width-content vc_row-o-equal-height vc_row-flex vc_row-o-content-top\"  style=\"padding-top: 0px; padding-bottom: calc(100vw * 0.05); \"><div class=\"row-bg-wrap\" data-bg-animation=\"none\" data-bg-animation-delay=\"\" data-bg-overlay=\"false\"><div class=\"inner-wrap row-bg-layer\" ><div class=\"row-bg viewport-desktop\"  style=\"\"><\/div><\/div><\/div><div class=\"row_col_wrap_12 col span_12 dark left\">\n\t<div  class=\"vc_col-sm-12 wpb_column column_container vc_column_container col no-extra-padding inherit_tablet inherit_phone\"  data-padding-pos=\"all\" data-has-bg-color=\"false\" data-bg-color=\"\" data-bg-opacity=\"1\" data-animation=\"\" data-delay=\"0\" >\n\t\t<div class=\"vc_column-inner\" >\n\t\t\t<div class=\"wpb_wrapper\">\n\t\t\t\t\n\t<div class=\"wpb_gallery wpb_content_element clearfix\">\n\t\t<div class=\"wpb_wrapper\"><div class=\"wpb_gallery_slidesflickity_static_height_style\" data-onclick=\"link_no\" data-interval=\"5\"><style>.wpb_gallery_slidesflickity_static_height_style .nectar-flickity.instace-69f2a270af642:not(.masonry) .flickity-slider .cell img {\n      height: 900px;\n    }\n    @media only screen and (max-width: 1300px) {\n      .wpb_gallery_slidesflickity_static_height_style .nectar-flickity.instace-69f2a270af642:not(.masonry) .flickity-slider .cell img {\n        height: 400px;\n      }\n    }\n    @media only screen and (max-width: 1000px) {\n      .wpb_gallery_slidesflickity_static_height_style .nectar-flickity.instace-69f2a270af642:not(.masonry) .flickity-slider .cell img {\n        height: 350px;\n      }\n    }\n    @media only screen and (max-width: 690px) {\n      .wpb_gallery_slidesflickity_static_height_style .nectar-flickity.instace-69f2a270af642:not(.masonry) .flickity-slider .cell img {\n        height: 500px;\n      }\n    }<\/style><div class=\"nectar-flickity not-initialized instace-69f2a270af642\"  data-touch-icon-color=\"default\" data-drag-scale=\"\" data-overflow=\"visible\" data-wrap=\"no-wrap\" data-spacing=\"10px\" data-shadow=\"none\" data-autoplay=\"\" data-autoplay-dur=\"\" data-free-scroll=\"\" data-controls=\"touch_total\"><div class=\"flickity-viewport\"> <div class=\"flickity-slider\"><div class=\"cell\" data-lazy=\"true\"><img loading=\"lazy\" decoding=\"async\" width=\"684\" height=\"1024\"  src=\"data:image\/svg+xml;charset=utf-8,%3Csvg%20xmlns%3D'http%3A%2F%2Fwww.w3.org%2F2000%2Fsvg'%20viewBox%3D'0%200%20684%201024'%2F%3E\" data-nectar-img-src=\"https:\/\/www.maesif.com\/wp-content\/uploads\/2024\/01\/predajny_regal_dub-684x1024.jpg\" class=\"skip-lazy nectar-lazy attachment-large\" alt=\"n\u00e1bytok do predajne U v\u00e1\u017eky, predajny regal z dreva, nabytok na mieru maesif\" title=\"predajny_regal_dub\"  data-nectar-img-srcset=\"https:\/\/www.maesif.com\/wp-content\/uploads\/2024\/01\/predajny_regal_dub-684x1024.jpg 684w, https:\/\/www.maesif.com\/wp-content\/uploads\/2024\/01\/predajny_regal_dub-200x300.jpg 200w, https:\/\/www.maesif.com\/wp-content\/uploads\/2024\/01\/predajny_regal_dub-768x1150.jpg 768w, https:\/\/www.maesif.com\/wp-content\/uploads\/2024\/01\/predajny_regal_dub-1025x1536.jpg 1025w, https:\/\/www.maesif.com\/wp-content\/uploads\/2024\/01\/predajny_regal_dub-1367x2048.jpg 1367w, https:\/\/www.maesif.com\/wp-content\/uploads\/2024\/01\/predajny_regal_dub.jpg 1709w\"><\/div><div class=\"cell\" data-lazy=\"true\"><img loading=\"lazy\" decoding=\"async\" width=\"1024\" height=\"1024\"  src=\"data:image\/svg+xml;charset=utf-8,%3Csvg%20xmlns%3D'http%3A%2F%2Fwww.w3.org%2F2000%2Fsvg'%20viewBox%3D'0%200%201024%201024'%2F%3E\" data-nectar-img-src=\"https:\/\/www.maesif.com\/wp-content\/uploads\/2024\/01\/u-vazky-1024x1024.jpg\" class=\"skip-lazy nectar-lazy attachment-large\" alt=\"\" title=\"u vazky\"  data-nectar-img-srcset=\"https:\/\/www.maesif.com\/wp-content\/uploads\/2024\/01\/u-vazky-1024x1024.jpg 1024w, https:\/\/www.maesif.com\/wp-content\/uploads\/2024\/01\/u-vazky-300x300.jpg 300w, https:\/\/www.maesif.com\/wp-content\/uploads\/2024\/01\/u-vazky-150x150.jpg 150w, https:\/\/www.maesif.com\/wp-content\/uploads\/2024\/01\/u-vazky-768x768.jpg 768w, https:\/\/www.maesif.com\/wp-content\/uploads\/2024\/01\/u-vazky-140x140.jpg 140w, https:\/\/www.maesif.com\/wp-content\/uploads\/2024\/01\/u-vazky-100x100.jpg 100w, https:\/\/www.maesif.com\/wp-content\/uploads\/2024\/01\/u-vazky-500x500.jpg 500w, https:\/\/www.maesif.com\/wp-content\/uploads\/2024\/01\/u-vazky-350x350.jpg 350w, https:\/\/www.maesif.com\/wp-content\/uploads\/2024\/01\/u-vazky-1000x1000.jpg 1000w, https:\/\/www.maesif.com\/wp-content\/uploads\/2024\/01\/u-vazky-800x800.jpg 800w, https:\/\/www.maesif.com\/wp-content\/uploads\/2024\/01\/u-vazky.jpg 1440w\"><\/div><div class=\"cell\" data-lazy=\"true\"><img loading=\"lazy\" decoding=\"async\" width=\"684\" height=\"1024\"  src=\"data:image\/svg+xml;charset=utf-8,%3Csvg%20xmlns%3D'http%3A%2F%2Fwww.w3.org%2F2000%2Fsvg'%20viewBox%3D'0%200%20684%201024'%2F%3E\" data-nectar-img-src=\"https:\/\/www.maesif.com\/wp-content\/uploads\/2024\/01\/u-vazky_krasnanska_-29-684x1024.jpg\" class=\"skip-lazy nectar-lazy attachment-large\" alt=\"n\u00e1bytok do predajne U v\u00e1\u017eky, predajny regal z dreva, nabytok na mieru maesif\" title=\"u vazky_krasnanska_ (29)\"  data-nectar-img-srcset=\"https:\/\/www.maesif.com\/wp-content\/uploads\/2024\/01\/u-vazky_krasnanska_-29-684x1024.jpg 684w, https:\/\/www.maesif.com\/wp-content\/uploads\/2024\/01\/u-vazky_krasnanska_-29-200x300.jpg 200w, https:\/\/www.maesif.com\/wp-content\/uploads\/2024\/01\/u-vazky_krasnanska_-29-768x1150.jpg 768w, https:\/\/www.maesif.com\/wp-content\/uploads\/2024\/01\/u-vazky_krasnanska_-29-1025x1536.jpg 1025w, https:\/\/www.maesif.com\/wp-content\/uploads\/2024\/01\/u-vazky_krasnanska_-29-1367x2048.jpg 1367w, https:\/\/www.maesif.com\/wp-content\/uploads\/2024\/01\/u-vazky_krasnanska_-29.jpg 1709w\"><\/div><div class=\"cell\" data-lazy=\"true\"><img loading=\"lazy\" decoding=\"async\" width=\"684\" height=\"1024\"  src=\"data:image\/svg+xml;charset=utf-8,%3Csvg%20xmlns%3D'http%3A%2F%2Fwww.w3.org%2F2000%2Fsvg'%20viewBox%3D'0%200%20684%201024'%2F%3E\" data-nectar-img-src=\"https:\/\/www.maesif.com\/wp-content\/uploads\/2024\/01\/regal_do_predajne_dub-684x1024.jpg\" class=\"skip-lazy nectar-lazy attachment-large\" alt=\"n\u00e1bytok do predajne U v\u00e1\u017eky, predajny regal z dreva, nabytok na mieru maesif\" title=\"regal_do_predajne_dub\"  data-nectar-img-srcset=\"https:\/\/www.maesif.com\/wp-content\/uploads\/2024\/01\/regal_do_predajne_dub-684x1024.jpg 684w, https:\/\/www.maesif.com\/wp-content\/uploads\/2024\/01\/regal_do_predajne_dub-200x300.jpg 200w, https:\/\/www.maesif.com\/wp-content\/uploads\/2024\/01\/regal_do_predajne_dub-768x1150.jpg 768w, https:\/\/www.maesif.com\/wp-content\/uploads\/2024\/01\/regal_do_predajne_dub-1025x1536.jpg 1025w, https:\/\/www.maesif.com\/wp-content\/uploads\/2024\/01\/regal_do_predajne_dub-1367x2048.jpg 1367w, https:\/\/www.maesif.com\/wp-content\/uploads\/2024\/01\/regal_do_predajne_dub.jpg 1709w\"><\/div><\/div><\/div><\/div><\/div>\n\t\t<\/div> \n\t<\/div> \n\t\t\t<\/div> \n\t\t<\/div>\n\t<\/div> \n<\/div><\/div>\n\t\t<div id=\"fws_69f2a270b0ac8\"  data-column-margin=\"default\" data-midnight=\"dark\"  class=\"wpb_row vc_row-fluid vc_row\"  style=\"padding-top: 0px; padding-bottom: 0px; \"><div class=\"row-bg-wrap\" data-bg-animation=\"none\" data-bg-animation-delay=\"\" data-bg-overlay=\"false\"><div class=\"inner-wrap row-bg-layer\" ><div class=\"row-bg viewport-desktop\"  style=\"\"><\/div><\/div><\/div><div class=\"row_col_wrap_12 col span_12 dark left\">\n\t<div  class=\"vc_col-sm-12 wpb_column column_container vc_column_container col no-extra-padding inherit_tablet inherit_phone\"  data-padding-pos=\"all\" data-has-bg-color=\"false\" data-bg-color=\"\" data-bg-opacity=\"1\" data-animation=\"\" data-delay=\"0\" >\n\t\t<div class=\"vc_column-inner\" >\n\t\t\t<div class=\"wpb_wrapper\">\n\t\t\t\t<div class=\"img-with-aniamtion-wrap\" data-max-width=\"100%\" data-max-width-mobile=\"default\" data-shadow=\"none\" data-animation=\"none\" >\n      <div class=\"inner\">\n        <div class=\"hover-wrap\"> \n          <div class=\"hover-wrap-inner\">\n            <img loading=\"lazy\" decoding=\"async\" class=\"img-with-animation skip-lazy\" data-delay=\"0\" height=\"1709\" width=\"2560\" data-animation=\"none\" src=\"https:\/\/www.maesif.com\/wp-content\/uploads\/2024\/01\/nabytok_do_predajne.jpg\" alt=\"n\u00e1bytok do predajne U v\u00e1\u017eky, predajny regal z dreva, nabytok na mieru maesif\" srcset=\"https:\/\/www.maesif.com\/wp-content\/uploads\/2024\/01\/nabytok_do_predajne.jpg 2560w, https:\/\/www.maesif.com\/wp-content\/uploads\/2024\/01\/nabytok_do_predajne-300x200.jpg 300w, https:\/\/www.maesif.com\/wp-content\/uploads\/2024\/01\/nabytok_do_predajne-1024x684.jpg 1024w, https:\/\/www.maesif.com\/wp-content\/uploads\/2024\/01\/nabytok_do_predajne-768x513.jpg 768w, https:\/\/www.maesif.com\/wp-content\/uploads\/2024\/01\/nabytok_do_predajne-1536x1025.jpg 1536w, https:\/\/www.maesif.com\/wp-content\/uploads\/2024\/01\/nabytok_do_predajne-2048x1367.jpg 2048w, https:\/\/www.maesif.com\/wp-content\/uploads\/2024\/01\/nabytok_do_predajne-900x600.jpg 900w\" sizes=\"auto, (max-width: 2560px) 100vw, 2560px\" \/>\n          <\/div>\n        <\/div>\n      <\/div>\n    <\/div>\n\t\t\t<\/div> \n\t\t<\/div>\n\t<\/div> \n<\/div><\/div>\n\t\t<div id=\"fws_69f2a270b1398\"  data-column-margin=\"default\" data-midnight=\"dark\"  class=\"wpb_row vc_row-fluid vc_row\"  style=\"padding-top: 0px; padding-bottom: 0px; \"><div class=\"row-bg-wrap\" data-bg-animation=\"none\" data-bg-animation-delay=\"\" data-bg-overlay=\"false\"><div class=\"inner-wrap row-bg-layer\" ><div class=\"row-bg viewport-desktop\"  style=\"\"><\/div><\/div><\/div><div class=\"row_col_wrap_12 col span_12 dark left\">\n\t<div  class=\"vc_col-sm-12 wpb_column column_container vc_column_container col no-extra-padding inherit_tablet inherit_phone\"  data-padding-pos=\"all\" data-has-bg-color=\"false\" data-bg-color=\"\" data-bg-opacity=\"1\" data-animation=\"\" data-delay=\"0\" >\n\t\t<div class=\"vc_column-inner\" >\n\t\t\t<div class=\"wpb_wrapper\">\n\t\t\t\t<div class=\"img-with-aniamtion-wrap\" data-max-width=\"100%\" data-max-width-mobile=\"default\" data-shadow=\"none\" data-animation=\"none\" >\n      <div class=\"inner\">\n        <div class=\"hover-wrap\"> \n          <div class=\"hover-wrap-inner\">\n            <img loading=\"lazy\" decoding=\"async\" class=\"img-with-animation skip-lazy\" data-delay=\"0\" height=\"1709\" width=\"2560\" data-animation=\"none\" src=\"https:\/\/www.maesif.com\/wp-content\/uploads\/2024\/01\/policovy_regal.jpg\" alt=\"n\u00e1bytok do predajne U v\u00e1\u017eky, predajny regal z dreva, nabytok na mieru maesif\" srcset=\"https:\/\/www.maesif.com\/wp-content\/uploads\/2024\/01\/policovy_regal.jpg 2560w, https:\/\/www.maesif.com\/wp-content\/uploads\/2024\/01\/policovy_regal-300x200.jpg 300w, https:\/\/www.maesif.com\/wp-content\/uploads\/2024\/01\/policovy_regal-1024x684.jpg 1024w, https:\/\/www.maesif.com\/wp-content\/uploads\/2024\/01\/policovy_regal-768x513.jpg 768w, https:\/\/www.maesif.com\/wp-content\/uploads\/2024\/01\/policovy_regal-1536x1025.jpg 1536w, https:\/\/www.maesif.com\/wp-content\/uploads\/2024\/01\/policovy_regal-2048x1367.jpg 2048w, https:\/\/www.maesif.com\/wp-content\/uploads\/2024\/01\/policovy_regal-900x600.jpg 900w\" sizes=\"auto, (max-width: 2560px) 100vw, 2560px\" \/>\n          <\/div>\n        <\/div>\n      <\/div>\n    <\/div>\n\t\t\t<\/div> \n\t\t<\/div>\n\t<\/div> \n<\/div><\/div>","protected":false},"excerpt":{"rendered":"INTERI\u00c9R NA MIERU realiz\u00e1cie Bratislava Zariadenie predajn\u00fdch priestorov bezobalov\u00e9ho obchodu U V\u00e1\u017eky Na za\u010diatku mali na\u0161i klienti pripraven\u00fd koncept, so z\u00e1merom otvori\u0165 v Bratislave bezobalov\u00fd obchod s t\u00fdmi najkvalitnej\u0161\u00edmi potravinami,...","protected":false},"author":1,"featured_media":0,"parent":0,"menu_order":0,"comment_status":"closed","ping_status":"closed","template":"","meta":{"_monsterinsights_skip_tracking":false,"_monsterinsights_sitenote_active":false,"_monsterinsights_sitenote_note":"","_monsterinsights_sitenote_category":0,"_uf_show_specific_survey":0,"_uf_disable_surveys":false,"footnotes":""},"class_list":["post-1247","page","type-page","status-publish"],"yoast_head":"<!-- This site is optimized with the Yoast SEO plugin v26.4 - https:\/\/yoast.com\/wordpress\/plugins\/seo\/ -->\n<title>Predaj\u0148a V\u00e1\u017eka - maesif - N\u00e1bytok na mieru do predajn\u00fdch priestorov<\/title>\n<meta name=\"description\" content=\"N\u00e1bytok do predajne U V\u00e1\u017eky v Bratislave. Minimalistick\u00fd dizajn, dubov\u00e9 drevo a brezov\u00e1 preglejka. N\u00e1bytok na mieru do komer\u010dn\u00fdch priestorov.\" \/>\n<meta name=\"robots\" content=\"index, follow, max-snippet:-1, max-image-preview:large, max-video-preview:-1\" \/>\n<link rel=\"canonical\" href=\"https:\/\/www.maesif.com\/en\/predajna-vazka\/\" \/>\n<meta property=\"og:locale\" content=\"en_GB\" \/>\n<meta property=\"og:type\" content=\"article\" \/>\n<meta property=\"og:title\" content=\"Predaj\u0148a V\u00e1\u017eka - maesif - N\u00e1bytok na mieru do predajn\u00fdch priestorov\" \/>\n<meta property=\"og:description\" content=\"N\u00e1bytok do predajne U V\u00e1\u017eky v Bratislave. Minimalistick\u00fd dizajn, dubov\u00e9 drevo a brezov\u00e1 preglejka. N\u00e1bytok na mieru do komer\u010dn\u00fdch priestorov.\" \/>\n<meta property=\"og:url\" content=\"https:\/\/www.maesif.com\/en\/predajna-vazka\/\" \/>\n<meta property=\"og:site_name\" content=\"maesif\" \/>\n<meta property=\"article:publisher\" content=\"https:\/\/www.facebook.com\/maesif.furniture\" \/>\n<meta property=\"article:modified_time\" content=\"2024-02-15T13:12:58+00:00\" \/>\n<meta property=\"og:image\" content=\"https:\/\/www.maesif.com\/wp-content\/uploads\/2024\/01\/maesif_1200x675.webp\" \/>\n\t<meta property=\"og:image:width\" content=\"1200\" \/>\n\t<meta property=\"og:image:height\" content=\"675\" \/>\n\t<meta property=\"og:image:type\" content=\"image\/webp\" \/>\n<meta name=\"twitter:card\" content=\"summary_large_image\" \/>\n<meta name=\"twitter:label1\" content=\"Estimated reading time\" \/>\n\t<meta name=\"twitter:data1\" content=\"6 minutes\" \/>\n<script type=\"application\/ld+json\" class=\"yoast-schema-graph\">{\"@context\":\"https:\/\/schema.org\",\"@graph\":[{\"@type\":\"WebPage\",\"@id\":\"https:\/\/www.maesif.com\/predajna-vazka\/\",\"url\":\"https:\/\/www.maesif.com\/predajna-vazka\/\",\"name\":\"Predaj\u0148a V\u00e1\u017eka - maesif - N\u00e1bytok na mieru do predajn\u00fdch priestorov\",\"isPartOf\":{\"@id\":\"https:\/\/www.maesif.com\/#website\"},\"datePublished\":\"2024-01-12T10:32:24+00:00\",\"dateModified\":\"2024-02-15T13:12:58+00:00\",\"description\":\"N\u00e1bytok do predajne U V\u00e1\u017eky v Bratislave. Minimalistick\u00fd dizajn, dubov\u00e9 drevo a brezov\u00e1 preglejka. N\u00e1bytok na mieru do komer\u010dn\u00fdch priestorov.\",\"breadcrumb\":{\"@id\":\"https:\/\/www.maesif.com\/predajna-vazka\/#breadcrumb\"},\"inLanguage\":\"en-GB\",\"potentialAction\":[{\"@type\":\"ReadAction\",\"target\":[\"https:\/\/www.maesif.com\/predajna-vazka\/\"]}]},{\"@type\":\"BreadcrumbList\",\"@id\":\"https:\/\/www.maesif.com\/predajna-vazka\/#breadcrumb\",\"itemListElement\":[{\"@type\":\"ListItem\",\"position\":1,\"name\":\"Domovsk\u00e1 str\u00e1nka\",\"item\":\"https:\/\/www.maesif.com\/\"},{\"@type\":\"ListItem\",\"position\":2,\"name\":\"Predaj\u0148a V\u00e1\u017eka\"}]},{\"@type\":\"WebSite\",\"@id\":\"https:\/\/www.maesif.com\/#website\",\"url\":\"https:\/\/www.maesif.com\/\",\"name\":\"maesif\",\"description\":\"V\u00fdroba n\u00e1bytku na mieru\",\"publisher\":{\"@id\":\"https:\/\/www.maesif.com\/#organization\"},\"potentialAction\":[{\"@type\":\"SearchAction\",\"target\":{\"@type\":\"EntryPoint\",\"urlTemplate\":\"https:\/\/www.maesif.com\/?s={search_term_string}\"},\"query-input\":{\"@type\":\"PropertyValueSpecification\",\"valueRequired\":true,\"valueName\":\"search_term_string\"}}],\"inLanguage\":\"en-GB\"},{\"@type\":\"Organization\",\"@id\":\"https:\/\/www.maesif.com\/#organization\",\"name\":\"maesif s.r.o.\",\"url\":\"https:\/\/www.maesif.com\/\",\"logo\":{\"@type\":\"ImageObject\",\"inLanguage\":\"en-GB\",\"@id\":\"https:\/\/www.maesif.com\/#\/schema\/logo\/image\/\",\"url\":\"https:\/\/www.maesif.com\/wp-content\/uploads\/2023\/02\/maesif_logo_black_retina.webp\",\"contentUrl\":\"https:\/\/www.maesif.com\/wp-content\/uploads\/2023\/02\/maesif_logo_black_retina.webp\",\"width\":240,\"height\":65,\"caption\":\"maesif s.r.o.\"},\"image\":{\"@id\":\"https:\/\/www.maesif.com\/#\/schema\/logo\/image\/\"},\"sameAs\":[\"https:\/\/www.facebook.com\/maesif.furniture\",\"https:\/\/www.instagram.com\/maesif_furniture\",\"https:\/\/www.pinterest.com\/maesif_furniture\/\",\"https:\/\/www.linkedin.com\/company\/maesif-s-r-o\/\"]}]}<\/script>\n<!-- \/ Yoast SEO plugin. -->","yoast_head_json":{"title":"Predaj\u0148a V\u00e1\u017eka - maesif - N\u00e1bytok na mieru do predajn\u00fdch priestorov","description":"N\u00e1bytok do predajne U V\u00e1\u017eky v Bratislave. Minimalistick\u00fd dizajn, dubov\u00e9 drevo a brezov\u00e1 preglejka. N\u00e1bytok na mieru do komer\u010dn\u00fdch priestorov.","robots":{"index":"index","follow":"follow","max-snippet":"max-snippet:-1","max-image-preview":"max-image-preview:large","max-video-preview":"max-video-preview:-1"},"canonical":"https:\/\/www.maesif.com\/en\/predajna-vazka\/","og_locale":"en_GB","og_type":"article","og_title":"Predaj\u0148a V\u00e1\u017eka - maesif - N\u00e1bytok na mieru do predajn\u00fdch priestorov","og_description":"N\u00e1bytok do predajne U V\u00e1\u017eky v Bratislave. Minimalistick\u00fd dizajn, dubov\u00e9 drevo a brezov\u00e1 preglejka. N\u00e1bytok na mieru do komer\u010dn\u00fdch priestorov.","og_url":"https:\/\/www.maesif.com\/en\/predajna-vazka\/","og_site_name":"maesif","article_publisher":"https:\/\/www.facebook.com\/maesif.furniture","article_modified_time":"2024-02-15T13:12:58+00:00","og_image":[{"width":1200,"height":675,"url":"https:\/\/www.maesif.com\/wp-content\/uploads\/2024\/01\/maesif_1200x675.webp","type":"image\/webp"}],"twitter_card":"summary_large_image","twitter_misc":{"Estimated reading time":"6 minutes"},"schema":{"@context":"https:\/\/schema.org","@graph":[{"@type":"WebPage","@id":"https:\/\/www.maesif.com\/predajna-vazka\/","url":"https:\/\/www.maesif.com\/predajna-vazka\/","name":"Predaj\u0148a V\u00e1\u017eka - maesif - N\u00e1bytok na mieru do predajn\u00fdch priestorov","isPartOf":{"@id":"https:\/\/www.maesif.com\/#website"},"datePublished":"2024-01-12T10:32:24+00:00","dateModified":"2024-02-15T13:12:58+00:00","description":"N\u00e1bytok do predajne U V\u00e1\u017eky v Bratislave. Minimalistick\u00fd dizajn, dubov\u00e9 drevo a brezov\u00e1 preglejka. N\u00e1bytok na mieru do komer\u010dn\u00fdch priestorov.","breadcrumb":{"@id":"https:\/\/www.maesif.com\/predajna-vazka\/#breadcrumb"},"inLanguage":"en-GB","potentialAction":[{"@type":"ReadAction","target":["https:\/\/www.maesif.com\/predajna-vazka\/"]}]},{"@type":"BreadcrumbList","@id":"https:\/\/www.maesif.com\/predajna-vazka\/#breadcrumb","itemListElement":[{"@type":"ListItem","position":1,"name":"Domovsk\u00e1 str\u00e1nka","item":"https:\/\/www.maesif.com\/"},{"@type":"ListItem","position":2,"name":"Predaj\u0148a V\u00e1\u017eka"}]},{"@type":"WebSite","@id":"https:\/\/www.maesif.com\/#website","url":"https:\/\/www.maesif.com\/","name":"maesif","description":"V\u00fdroba n\u00e1bytku na mieru","publisher":{"@id":"https:\/\/www.maesif.com\/#organization"},"potentialAction":[{"@type":"SearchAction","target":{"@type":"EntryPoint","urlTemplate":"https:\/\/www.maesif.com\/?s={search_term_string}"},"query-input":{"@type":"PropertyValueSpecification","valueRequired":true,"valueName":"search_term_string"}}],"inLanguage":"en-GB"},{"@type":"Organization","@id":"https:\/\/www.maesif.com\/#organization","name":"maesif s.r.o.","url":"https:\/\/www.maesif.com\/","logo":{"@type":"ImageObject","inLanguage":"en-GB","@id":"https:\/\/www.maesif.com\/#\/schema\/logo\/image\/","url":"https:\/\/www.maesif.com\/wp-content\/uploads\/2023\/02\/maesif_logo_black_retina.webp","contentUrl":"https:\/\/www.maesif.com\/wp-content\/uploads\/2023\/02\/maesif_logo_black_retina.webp","width":240,"height":65,"caption":"maesif s.r.o."},"image":{"@id":"https:\/\/www.maesif.com\/#\/schema\/logo\/image\/"},"sameAs":["https:\/\/www.facebook.com\/maesif.furniture","https:\/\/www.instagram.com\/maesif_furniture","https:\/\/www.pinterest.com\/maesif_furniture\/","https:\/\/www.linkedin.com\/company\/maesif-s-r-o\/"]}]}},"_links":{"self":[{"href":"https:\/\/www.maesif.com\/en\/wp-json\/wp\/v2\/pages\/1247","targetHints":{"allow":["GET"]}}],"collection":[{"href":"https:\/\/www.maesif.com\/en\/wp-json\/wp\/v2\/pages"}],"about":[{"href":"https:\/\/www.maesif.com\/en\/wp-json\/wp\/v2\/types\/page"}],"author":[{"embeddable":true,"href":"https:\/\/www.maesif.com\/en\/wp-json\/wp\/v2\/users\/1"}],"replies":[{"embeddable":true,"href":"https:\/\/www.maesif.com\/en\/wp-json\/wp\/v2\/comments?post=1247"}],"version-history":[{"count":18,"href":"https:\/\/www.maesif.com\/en\/wp-json\/wp\/v2\/pages\/1247\/revisions"}],"predecessor-version":[{"id":1825,"href":"https:\/\/www.maesif.com\/en\/wp-json\/wp\/v2\/pages\/1247\/revisions\/1825"}],"wp:attachment":[{"href":"https:\/\/www.maesif.com\/en\/wp-json\/wp\/v2\/media?parent=1247"}],"curies":[{"name":"wp","href":"https:\/\/api.w.org\/{rel}","templated":true}]}}